{"id":453,"date":"2018-09-14T21:28:15","date_gmt":"2018-09-14T21:28:15","guid":{"rendered":"http:\/\/fw-hohenthann.de\/?page_id=453"},"modified":"2019-04-22T21:47:41","modified_gmt":"2019-04-22T21:47:41","slug":"wahlen-2018","status":"publish","type":"page","link":"https:\/\/fw-hohenthann.de\/?page_id=453","title":{"rendered":"Wahlen 2018"},"content":{"rendered":"<h3><span style=\"color: #008080;\"><strong>Landtagswahl 2018 und Bezirkstagwahl 2018<br \/>\nWahltag ist Sonntag, der 14. Oktober 2018.<\/strong><\/span><\/h3>\n<ul>\n<li>Der Wahlomat der Bundeszentrale f\u00fcr politische Bildung:<br \/>\nVerf\u00fcgbar ab dem 20.09.2018: Bitte klicken Sie <a href=\"https:\/\/www.bpb.de\/politik\/wahlen\/wahl-o-mat\/\" target=\"_blank\" rel=\"noopener noreferrer\">hier<\/a>.<\/li>\n<li>Wahlprogramm der Freien W\u00e4hler in Bayern: Bitte klicken Sie <a href=\"https:\/\/www.freie-waehler-bayern.de\/wahlen-2018\/wahlprogramm\/\" target=\"_blank\" rel=\"noopener noreferrer\">hier<\/a>.<\/li>\n<li>\n<h3><span style=\"color: #008080;\"><strong>Unsere Landkreis-Kanditaten f\u00fcr die Landtags- und Bezirkswahl 2018<\/strong><\/span><\/h3>\n<p>Besuchen Sie unseren politischer Fr\u00fchschoppen in Hohenthann<\/p>\n<h3><span style=\"color: #008080;\"><strong>Sonntag 30.09.2018, <\/strong><strong><span style=\"color: #008080;\">1<\/span>0.00 Uhr im Br\u00e4ust\u00fcberl.<br \/>\n<\/strong><\/span><\/h3>\n<\/li>\n<\/ul>\n<p><img loading=\"lazy\" decoding=\"async\" class=\"alignnone size-full wp-image-462\" src=\"https:\/\/fw-hohenthann.de\/wp-content\/uploads\/2018\/09\/fw_wahl_2018.jpg\" alt=\"\" width=\"1524\" height=\"1335\" srcset=\"https:\/\/fw-hohenthann.de\/wp-content\/uploads\/2018\/09\/fw_wahl_2018.jpg 1524w, https:\/\/fw-hohenthann.de\/wp-content\/uploads\/2018\/09\/fw_wahl_2018-300x263.jpg 300w, https:\/\/fw-hohenthann.de\/wp-content\/uploads\/2018\/09\/fw_wahl_2018-768x673.jpg 768w, https:\/\/fw-hohenthann.de\/wp-content\/uploads\/2018\/09\/fw_wahl_2018-1024x897.jpg 1024w, https:\/\/fw-hohenthann.de\/wp-content\/uploads\/2018\/09\/fw_wahl_2018-1200x1051.jpg 1200w\" sizes=\"auto, (max-width: 767px) 89vw, (max-width: 1000px) 54vw, (max-width: 1071px) 543px, 580px\" \/><\/p>\n<p>22.10.2018<\/p>\n<p>Liebe Kandidatinnen und Kandidaten, liebe Wahlk\u00e4mpferinnen und Wahlk\u00e4mpfer, liebe Freie W\u00e4hlerinnen und Freie W\u00e4hler,<\/p>\n<p>wir konnten am vergangenen Sonntag einen gro\u00dfen Wahlerfolg einfahren! Dieser Erfolg wird uns erm\u00f6glichen, bald in noch viel st\u00e4rkerem Ma\u00dfe als bisher unsere pragmatische und b\u00fcrgernahe Politik f\u00fcr Bayern umzusetzen.<\/p>\n<p>Unser Wahlsieg w\u00e4re ohne den enormen Einsatz und das geschlossene Auftreten aller FREIEN W\u00c4HLER nicht m\u00f6glich gewesen! Deshalb bedanke ich mich herzlich bei allen Kandidatinnen und Kandidaten f\u00fcr die zahllosen Stunden, in denen sie w\u00e4hrend des Wahlkampfs auf Veranstaltungen, an Infost\u00e4nden und im Gespr\u00e4ch mit unseren B\u00fcrgerinnen und B\u00fcrgern das Bild der FREIEN W\u00c4HLER als Bayerns starke Mitte gepr\u00e4gt haben. Ich bedanke mich herzlich bei den vielen Unterst\u00fctzern, die ihre Freizeit geopfert haben, um Plakate aufzuh\u00e4ngen, Flyer zu verteilen oder an Infost\u00e4nden mitzuhelfen. Und schlie\u00dflich bedanke ich mich bei den tausenden von Freien W\u00e4hlerinnen und Freien W\u00e4hlern, die jahrein jahraus, aber auch speziell in den Wochen des Wahlkampfs in vielen pers\u00f6nlichen Gespr\u00e4chen mit W\u00e4hlern f\u00fcr uns geworben haben.<\/p>\n<p>Ich bin unheimlich stolz und gl\u00fccklich, Vorsitzender einer so starken und geschlossen auftretenden Gemeinschaft sein zu d\u00fcrfen! Damit sind wir Vorbild und Modell f\u00fcr den Politikbetrieb in Bayern und ganz Deutschland!<\/p>\n<p>Bitte unterst\u00fctzen Sie uns weiter, damit wir auch in Zukunft b\u00fcrgernahe Politik f\u00fcr unsere Heimat Bayern machen k\u00f6nnen! Derzeit sind wir in Koalitionsgespr\u00e4chen, um m\u00f6glichst viele unserer Anliegen umzusetzen.<\/p>\n<p>Mit herzlichen Gr\u00fc\u00dfen<\/p>\n<p>Ihr<\/p>\n<p>Hubert Aiwanger<\/p>\n<p><img loading=\"lazy\" decoding=\"async\" class=\"alignnone size-full wp-image-490\" src=\"https:\/\/fw-hohenthann.de\/wp-content\/uploads\/2018\/10\/181022_Aiwanger.jpg\" alt=\"\" width=\"400\" height=\"400\" srcset=\"https:\/\/fw-hohenthann.de\/wp-content\/uploads\/2018\/10\/181022_Aiwanger.jpg 400w, https:\/\/fw-hohenthann.de\/wp-content\/uploads\/2018\/10\/181022_Aiwanger-150x150.jpg 150w, https:\/\/fw-hohenthann.de\/wp-content\/uploads\/2018\/10\/181022_Aiwanger-300x300.jpg 300w\" sizes=\"auto, (max-width: 400px) 100vw, 400px\" \/><\/p>\n<p><img loading=\"lazy\" decoding=\"async\" class=\"alignnone size-full wp-image-486\" src=\"https:\/\/fw-hohenthann.de\/wp-content\/uploads\/2018\/10\/181410_Ergebnis_Landtagswahl.jpg\" alt=\"\" width=\"1102\" height=\"767\" srcset=\"https:\/\/fw-hohenthann.de\/wp-content\/uploads\/2018\/10\/181410_Ergebnis_Landtagswahl.jpg 1102w, https:\/\/fw-hohenthann.de\/wp-content\/uploads\/2018\/10\/181410_Ergebnis_Landtagswahl-300x209.jpg 300w, https:\/\/fw-hohenthann.de\/wp-content\/uploads\/2018\/10\/181410_Ergebnis_Landtagswahl-768x535.jpg 768w, https:\/\/fw-hohenthann.de\/wp-content\/uploads\/2018\/10\/181410_Ergebnis_Landtagswahl-1024x713.jpg 1024w\" sizes=\"auto, (max-width: 767px) 89vw, (max-width: 1000px) 54vw, (max-width: 1071px) 543px, 580px\" \/><\/p>\n<p>&nbsp;<\/p>\n","protected":false},"excerpt":{"rendered":"<p>Landtagswahl 2018 und Bezirkstagwahl 2018 Wahltag ist Sonntag, der 14. Oktober 2018. Der Wahlomat der Bundeszentrale f\u00fcr politische Bildung: Verf\u00fcgbar ab dem 20.09.2018: Bitte klicken Sie hier. Wahlprogramm der Freien W\u00e4hler in Bayern: Bitte klicken Sie hier. Unsere Landkreis-Kanditaten f\u00fcr die Landtags- und Bezirkswahl 2018 Besuchen Sie unseren politischer Fr\u00fchschoppen in Hohenthann Sonntag 30.09.2018, 10.00 &hellip; <\/p>\n<p class=\"link-more\"><a href=\"https:\/\/fw-hohenthann.de\/?page_id=453\" class=\"more-link\"><span class=\"screen-reader-text\">\u201eWahlen 2018\u201c <\/span>weiterlesen<\/a><\/p>\n","protected":false},"author":1,"featured_media":0,"parent":115,"menu_order":0,"comment_status":"closed","ping_status":"closed","template":"","meta":{"footnotes":""},"class_list":["post-453","page","type-page","status-publish","hentry"],"_links":{"self":[{"href":"https:\/\/fw-hohenthann.de\/index.php?rest_route=\/wp\/v2\/pages\/453","targetHints":{"allow":["GET"]}}],"collection":[{"href":"https:\/\/fw-hohenthann.de\/index.php?rest_route=\/wp\/v2\/pages"}],"about":[{"href":"https:\/\/fw-hohenthann.de\/index.php?rest_route=\/wp\/v2\/types\/page"}],"author":[{"embeddable":true,"href":"https:\/\/fw-hohenthann.de\/index.php?rest_route=\/wp\/v2\/users\/1"}],"replies":[{"embeddable":true,"href":"https:\/\/fw-hohenthann.de\/index.php?rest_route=%2Fwp%2Fv2%2Fcomments&post=453"}],"version-history":[{"count":14,"href":"https:\/\/fw-hohenthann.de\/index.php?rest_route=\/wp\/v2\/pages\/453\/revisions"}],"predecessor-version":[{"id":593,"href":"https:\/\/fw-hohenthann.de\/index.php?rest_route=\/wp\/v2\/pages\/453\/revisions\/593"}],"up":[{"embeddable":true,"href":"https:\/\/fw-hohenthann.de\/index.php?rest_route=\/wp\/v2\/pages\/115"}],"wp:attachment":[{"href":"https:\/\/fw-hohenthann.de\/index.php?rest_route=%2Fwp%2Fv2%2Fmedia&parent=453"}],"curies":[{"name":"wp","href":"https:\/\/api.w.org\/{rel}","templated":true}]}}